{"id":11466,"date":"2021-10-12T19:02:30","date_gmt":"2021-10-12T19:02:30","guid":{"rendered":"http:\/\/zsp-lasin.pl\/?page_id=11466"},"modified":"2025-03-31T13:48:48","modified_gmt":"2025-03-31T13:48:48","slug":"deklaracja-dostepnosci","status":"publish","type":"page","link":"http:\/\/zsp-lasin.pl\/?page_id=11466","title":{"rendered":"Deklaracja dost\u0119pno\u015bci"},"content":{"rendered":"<p style=\"text-align: center;\"><span style=\"color: #000000;\"><strong>DEKLARACJA DOST\u0118PNO\u015aCI SZKO\u0141Y PODSTAWOWEJ W \u0141ASINIE<\/strong><\/span><\/p>\n<p><span style=\"color: #000000;\"><strong>WST\u0118P<\/strong><\/span><\/p>\n<p><span style=\"color: #000000;\">Szko\u0142a Podstawowa w \u0141asinie\u00a0zobowi\u0105zuje si\u0119 zapewni\u0107 dost\u0119pno\u015b\u0107 swojej strony internetowej zgodnie z przepisami ustawy z dnia 4 kwietnia 2019 r. o dost\u0119pno\u015bci cyfrowej stron internetowych i aplikacji mobilnych podmiot\u00f3w publicznych. O\u015bwiadczenie w sprawie dost\u0119pno\u015bci ma zastosowanie do strony internetowej\u00a0<strong>Szko\u0142y Podstawowej w \u0141asinie <\/strong>http:\/\/zsp-lasin.pl\/<\/span><\/p>\n<p><span style=\"color: #000000;\">Data publikacji strony internetowej:\u00a001.10.2018 r.<\/span><\/p>\n<p><span style=\"color: #000000;\"><strong>\u00a0<\/strong><\/span><\/p>\n<p><span style=\"color: #000000;\"><strong>STATUS POD WZGL\u0118DEM ZGODNO\u015aCI Z USTAW\u0104:<\/strong><\/span><\/p>\n<p><span style=\"color: #000000;\">Strona internetowa jest\u00a0<strong>cz\u0119\u015bciowo zgodna<\/strong>\u00a0z ustaw\u0105 z dnia 4 kwietnia 2019 r. o dost\u0119pno\u015bci cyfrowej stron internetowych i aplikacji mobilnych podmiot\u00f3w publicznych z powodu niezgodno\u015bci lub wy\u0142\u0105cze\u0144 wymienionych poni\u017cej:<\/span><\/p>\n<ul>\n<li><span style=\"color: #000000;\">Wiele zdj\u0119\u0107, film\u00f3w, obraz\u00f3w, grafik i innych informacji nietekstowych nie posiada alternatywnej wersji tekstowej.<\/span><\/li>\n<li><span style=\"color: #000000;\">Wiele materia\u0142\u00f3w tekstowych nie posiada odpowiedniej hierarchii nag\u0142\u00f3wk\u00f3w.<\/span><\/li>\n<li><span style=\"color: #000000;\">Mapy s\u0105 wy\u0142\u0105czone z obowi\u0105zku zapewniania dost\u0119pno\u015bci.<\/span><\/li>\n<li><span style=\"color: #000000;\">Dokumenty w PDF nie s\u0105 dokumentami edytowalnymi.<\/span><\/li>\n<li><span style=\"color: #000000;\">Cz\u0119\u015b\u0107 plik\u00f3w\u00a0 nie\u00a0 jest\u00a0 dost\u0119pnych\u00a0 cyfrowo.<\/span><\/li>\n<li><span style=\"color: #000000;\">Tre\u015bci archiwalne, niewykorzystywane do realizacji bie\u017c\u0105cych zada\u0144 s\u0105 wy\u0142\u0105czone z obowi\u0105zku zapewniania dost\u0119pno\u015bci.<\/span><\/li>\n<\/ul>\n<p>&nbsp;<\/p>\n<p><span style=\"color: #000000;\"><strong>INFORMACJE DODATKOWE \u2013 STRONA POSIADA:<\/strong><\/span><\/p>\n<ul>\n<li><span style=\"color: #000000;\">pod\u015bwietlane linki<\/span><\/li>\n<li><span style=\"color: #000000;\">mapa strony<\/span><\/li>\n<\/ul>\n<p><span style=\"color: #000000;\">Na stronie internetowej mo\u017cna u\u017cywa\u0107 standardowych skr\u00f3t\u00f3w klawiaturowych przegl\u0105darki.<\/span><\/p>\n<p>&nbsp;<\/p>\n<p><span style=\"color: #000000;\"><strong>DATA SPORZ\u0104DZENIA DEKLARACJI:<\/strong><\/span><\/p>\n<p><span style=\"color: #000000;\">Deklaracj\u0119 sporz\u0105dzono dnia: 26-03-2025.<\/span><br \/>\n<span style=\"color: #000000;\">Deklaracj\u0119\u00a0 sporz\u0105dzono na\u00a0 podstawie samooceny przeprowadzonej przez podmiot publiczny.<\/span><\/p>\n<p><span style=\"color: #000000;\"><strong>\u00a0<\/strong><\/span><\/p>\n<p><span style=\"color: #000000;\"><strong>KONTAKT I INFORMACJE ZWROTNE:<\/strong><\/span><\/p>\n<p><span style=\"color: #000000;\">W przypadku problem\u00f3w z dost\u0119pno\u015bci\u0105 strony internetowej prosimy o kontakt.<\/span><\/p>\n<p><span style=\"color: #000000;\">Osob\u0105 do kontaktu jest El\u017cbieta Zakierska \u2013 <a style=\"color: #000000;\" href=\"mailto:zsplasin@interia.pl\">zsplasin@interia.pl<\/a> .<\/span><\/p>\n<p><span style=\"color: #000000;\">Kontaktowa\u0107 mo\u017cna si\u0119 tak\u017ce dzwoni\u0105c na numer telefonu (56) 466 52 70.<\/span><\/p>\n<p><span style=\"color: #000000;\">T\u0105 sam\u0105 drog\u0105 mo\u017cna sk\u0142ada\u0107 wnioski o udost\u0119pnienie informacji niedost\u0119pnej oraz sk\u0142ada\u0107 \u017c\u0105dania zapewnienia dost\u0119pno\u015bci.<\/span><\/p>\n<p>&nbsp;<\/p>\n<p><span style=\"color: #000000;\">\u00a0<strong>PROCEDURA WNIOSKOWO-SKARGOWA<\/strong><\/span><\/p>\n<p><span style=\"color: #000000;\">Ka\u017cdy ma prawo do wyst\u0105pienia z \u017c\u0105daniem zapewnienia dost\u0119pno\u015bci cyfrowej strony internetowej, aplikacji mobilnej lub jakiego\u015b ich elementu. Mo\u017cna tak\u017ce za\u017c\u0105da\u0107 udost\u0119pnienia informacji za pomoc\u0105 alternatywnego sposobu dost\u0119pu, na przyk\u0142ad przez odczytanie niedost\u0119pnego cyfrowo dokumentu, opisanie zawarto\u015bci filmu bez audiodeskrypcji itp. \u017b\u0105danie powinno zawiera\u0107 dane osoby zg\u0142aszaj\u0105cej \u017c\u0105danie, wskazanie, o kt\u00f3r\u0105 stron\u0119 internetow\u0105 lub aplikacj\u0119 mobiln\u0105 chodzi oraz spos\u00f3b kontaktu. Je\u017celi osoba \u017c\u0105daj\u0105ca zg\u0142asza potrzeb\u0119 otrzymania informacji za pomoc\u0105 alternatywnego sposobu dost\u0119pu, powinna tak\u017ce okre\u015bli\u0107 dogodny dla niej spos\u00f3b przedstawienia tej informacji. Podmiot publiczny powinien zrealizowa\u0107 \u017c\u0105danie niezw\u0142ocznie, nie p\u00f3\u017aniej ni\u017c w ci\u0105gu 7 dni od dnia wyst\u0105pienia z \u017c\u0105daniem. Je\u017celi dotrzymanie tego terminu nie jest mo\u017cliwe, podmiot publiczny niezw\u0142ocznie informuje o tym wnosz\u0105cego \u017c\u0105danie, kiedy realizacja \u017c\u0105dania b\u0119dzie mo\u017cliwa, przy czym termin ten nie mo\u017ce by\u0107 d\u0142u\u017cszy ni\u017c 2 miesi\u0105ce od dnia wyst\u0105pienia z \u017c\u0105daniem. Je\u017celi zapewnienie dost\u0119pno\u015bci cyfrowej nie jest mo\u017cliwe, podmiot publiczny mo\u017ce zaproponowa\u0107 alternatywny spos\u00f3b dost\u0119pu do informacji. W przypadku, gdy podmiot publiczny odm\u00f3wi realizacji \u017c\u0105dania zapewnienia dost\u0119pno\u015bci lub alternatywnego sposobu dost\u0119pu do informacji, wnosz\u0105cy \u017c\u0105danie mo\u017cne z\u0142o\u017cy\u0107 skarg\u0119 w sprawie zapewniana dost\u0119pno\u015bci cyfrowej strony internetowej, aplikacji mobilnej lub elementu strony internetowej, lub aplikacji mobilnej. Po wyczerpaniu wskazanej wy\u017cej procedury mo\u017cna tak\u017ce z\u0142o\u017cy\u0107 wniosek do Rzecznika Praw Obywatelskich:\u00a0<a style=\"color: #000000;\" href=\"http:\/\/www.rpo.gov.pl\/\">www.rpo.gov.pl<\/a><\/span><\/p>\n<p><span style=\"color: #000000;\"><strong>\u00a0<\/strong><\/span><\/p>\n<p><span style=\"color: #000000;\"><strong>DOST\u0118PNO\u015a\u0106 ARCHITEKTONICZNA<\/strong><\/span><\/p>\n<p><span style=\"color: #000000;\">Adres:<\/span><\/p>\n<p><span style=\"color: #000000;\">Szko\u0142a Podstawowa w \u0141asinie przy ul. M. Curie-Sk\u0142odowskiej 14, 86-320 \u0141asin<\/span><\/p>\n<p>&nbsp;<\/p>\n<ol>\n<li><span style=\"color: #000000;\">Wej\u015bcie na teren szko\u0142y nie jest ogrodzone i zabezpieczone bramkami.<\/span><\/li>\n<li><span style=\"color: #000000;\">Przed budynkiem nie wyznaczono miejsc parkingowych dla os\u00f3b niepe\u0142nosprawnych.<\/span><\/li>\n<li><span style=\"color: #000000;\">Budynek jest dwupi\u0119trowy. Posiada wind\u0119 z platform\u0105 transportuj\u0105c\u0105 do poziomu parteru.<\/span><\/li>\n<li><span style=\"color: #000000;\">Do budynku \u00a0prowadz\u0105 4 wej\u015bcia \u2013 1 g\u0142\u00f3wne i 3 ewakuacyjne.<\/span><\/li>\n<li><span style=\"color: #000000;\">Do ka\u017cdego wej\u015bcia prowadz\u0105 schody.<\/span><\/li>\n<li><span style=\"color: #000000;\">Nad wej\u015bciem nie ma g\u0142o\u015bnik\u00f3w systemu naprowadzaj\u0105cego d\u017awi\u0119kowo osoby niewidome i s\u0142abowidz\u0105ce.<\/span><\/li>\n<li><span style=\"color: #000000;\">Dla os\u00f3b na w\u00f3zkach dost\u0119pne s\u0105 korytarze i pomieszczenia.<\/span><\/li>\n<li><span style=\"color: #000000;\">W budynku jest toaleta dostosowana\u00a0 dla os\u00f3b niepe\u0142nosprawnych (parter).<\/span><\/li>\n<li><span style=\"color: #000000;\">Do budynku i wszystkich jego pomieszcze\u0144 mo\u017cna wej\u015b\u0107 z psem asystuj\u0105cym i psem przewodnikiem.<\/span><\/li>\n<li><span style=\"color: #000000;\">W budynku nie ma oznacze\u0144 w alfabecie brajla ani oznacze\u0144 kontrastowych lub w druku powi\u0119kszonym dla os\u00f3b niewidomych i s\u0142abowidz\u0105cych.<\/span><\/li>\n<li><span style=\"color: #000000;\">Osoby z trudno\u015bciami w poruszaniu si\u0119 mog\u0105 liczy\u0107 na kontakt z pracownikiem szko\u0142y, po zawiadomieniu o takiej potrzebie.<\/span><\/li>\n<\/ol>\n<p>&nbsp;<\/p>\n<p><span style=\"color: #000000;\"><strong>WST\u0118P<\/strong><\/span><\/p>\n<p><span style=\"color: #000000;\">Szko\u0142a Podstawowa w \u0141asinie\u00a0zobowi\u0105zuje si\u0119 zapewni\u0107 dost\u0119pno\u015b\u0107 swojej strony internetowej zgodnie z przepisami ustawy z dnia 4 kwietnia 2019 r. o dost\u0119pno\u015bci cyfrowej stron internetowych i aplikacji mobilnych podmiot\u00f3w publicznych. O\u015bwiadczenie w sprawie dost\u0119pno\u015bci ma zastosowanie do strony internetowej\u00a0<strong>Szko\u0142y Podstawowej w \u0141asinie <\/strong>http:\/\/zsp-lasin.pl\/<\/span><\/p>\n<p><span style=\"color: #000000;\">Data publikacji strony internetowej:\u00a001.10.2018 r.<\/span><\/p>\n<p><span style=\"color: #000000;\"><strong>\u00a0<\/strong><\/span><\/p>\n<p><span style=\"color: #000000;\"><strong>STATUS POD WZGL\u0118DEM ZGODNO\u015aCI Z USTAW\u0104:<\/strong><\/span><\/p>\n<p><span style=\"color: #000000;\">Strona internetowa jest\u00a0<strong>cz\u0119\u015bciowo zgodna<\/strong>\u00a0z ustaw\u0105 z dnia 4 kwietnia 2019 r. o dost\u0119pno\u015bci cyfrowej stron internetowych i aplikacji mobilnych podmiot\u00f3w publicznych z powodu niezgodno\u015bci lub wy\u0142\u0105cze\u0144 wymienionych poni\u017cej:<\/span><\/p>\n<ul>\n<li><span style=\"color: #000000;\">Wiele zdj\u0119\u0107, film\u00f3w, obraz\u00f3w, grafik i innych informacji nietekstowych nie posiada alternatywnej wersji tekstowej.<\/span><\/li>\n<li><span style=\"color: #000000;\">Wiele materia\u0142\u00f3w tekstowych nie posiada odpowiedniej hierarchii nag\u0142\u00f3wk\u00f3w.<\/span><\/li>\n<li><span style=\"color: #000000;\">Mapy s\u0105 wy\u0142\u0105czone z obowi\u0105zku zapewniania dost\u0119pno\u015bci.<\/span><\/li>\n<li><span style=\"color: #000000;\">Dokumenty w PDF nie s\u0105 dokumentami edytowalnymi.<\/span><\/li>\n<li><span style=\"color: #000000;\">Cz\u0119\u015b\u0107 plik\u00f3w\u00a0 nie\u00a0 jest\u00a0 dost\u0119pnych\u00a0 cyfrowo.<\/span><\/li>\n<li><span style=\"color: #000000;\">Tre\u015bci archiwalne, niewykorzystywane do realizacji bie\u017c\u0105cych zada\u0144 s\u0105 wy\u0142\u0105czone z obowi\u0105zku zapewniania dost\u0119pno\u015bci.<\/span><\/li>\n<\/ul>\n<p>&nbsp;<\/p>\n<p><span style=\"color: #000000;\"><strong>INFORMACJE DODATKOWE \u2013 STRONA POSIADA:<\/strong><\/span><\/p>\n<ul>\n<li><span style=\"color: #000000;\">pod\u015bwietlane linki<\/span><\/li>\n<li><span style=\"color: #000000;\">mapa strony<\/span><\/li>\n<\/ul>\n<p><span style=\"color: #000000;\">Na stronie internetowej mo\u017cna u\u017cywa\u0107 standardowych skr\u00f3t\u00f3w klawiaturowych przegl\u0105darki.<\/span><\/p>\n<p>&nbsp;<\/p>\n<p><span style=\"color: #000000;\"><strong>DATA SPORZ\u0104DZENIA DEKLARACJI:<\/strong><\/span><\/p>\n<p><span style=\"color: #000000;\">Deklaracj\u0119\u00a0sporz\u0105dzono\u00a0dnia:\u00a025-02-2021.<\/span><br \/>\n<span style=\"color: #000000;\">Deklaracj\u0119\u00a0 sporz\u0105dzono na\u00a0 podstawie samooceny przeprowadzonej przez podmiot publiczny.<\/span><\/p>\n<p><span style=\"color: #000000;\"><strong>\u00a0<\/strong><\/span><\/p>\n<p><span style=\"color: #000000;\"><strong>KONTAKT I INFORMACJE ZWROTNE:<\/strong><\/span><\/p>\n<p><span style=\"color: #000000;\">W przypadku problem\u00f3w z dost\u0119pno\u015bci\u0105 strony internetowej prosimy o kontakt.<\/span><\/p>\n<p><span style=\"color: #000000;\">Osob\u0105 do kontaktu jest El\u017cbieta Zakierska \u2013 <a style=\"color: #000000;\" href=\"mailto:zsplasin@interia.pl\">zsplasin@interia.pl<\/a> .<\/span><\/p>\n<p><span style=\"color: #000000;\">Kontaktowa\u0107 mo\u017cna si\u0119 tak\u017ce dzwoni\u0105c na numer telefonu (56) 466 52 70.<\/span><\/p>\n<p><span style=\"color: #000000;\">T\u0105 sam\u0105 drog\u0105 mo\u017cna sk\u0142ada\u0107 wnioski o udost\u0119pnienie informacji niedost\u0119pnej oraz sk\u0142ada\u0107 \u017c\u0105dania zapewnienia dost\u0119pno\u015bci.<\/span><\/p>\n<p>&nbsp;<\/p>\n<p><span style=\"color: #000000;\">\u00a0<strong>PROCEDURA WNIOSKOWO-SKARGOWA<\/strong><\/span><\/p>\n<p><span style=\"color: #000000;\">Ka\u017cdy ma prawo do wyst\u0105pienia z \u017c\u0105daniem zapewnienia dost\u0119pno\u015bci cyfrowej strony internetowej, aplikacji mobilnej lub jakiego\u015b ich elementu. Mo\u017cna tak\u017ce za\u017c\u0105da\u0107 udost\u0119pnienia informacji za pomoc\u0105 alternatywnego sposobu dost\u0119pu, na przyk\u0142ad przez odczytanie niedost\u0119pnego cyfrowo dokumentu, opisanie zawarto\u015bci filmu bez audiodeskrypcji itp. \u017b\u0105danie powinno zawiera\u0107 dane osoby zg\u0142aszaj\u0105cej \u017c\u0105danie, wskazanie, o kt\u00f3r\u0105 stron\u0119 internetow\u0105 lub aplikacj\u0119 mobiln\u0105 chodzi oraz spos\u00f3b kontaktu. Je\u017celi osoba \u017c\u0105daj\u0105ca zg\u0142asza potrzeb\u0119 otrzymania informacji za pomoc\u0105 alternatywnego sposobu dost\u0119pu, powinna tak\u017ce okre\u015bli\u0107 dogodny dla niej spos\u00f3b przedstawienia tej informacji. Podmiot publiczny powinien zrealizowa\u0107 \u017c\u0105danie niezw\u0142ocznie, nie p\u00f3\u017aniej ni\u017c w ci\u0105gu 7 dni od dnia wyst\u0105pienia z \u017c\u0105daniem. Je\u017celi dotrzymanie tego terminu nie jest mo\u017cliwe, podmiot publiczny niezw\u0142ocznie informuje o tym wnosz\u0105cego \u017c\u0105danie, kiedy realizacja \u017c\u0105dania b\u0119dzie mo\u017cliwa, przy czym termin ten nie mo\u017ce by\u0107 d\u0142u\u017cszy ni\u017c 2 miesi\u0105ce od dnia wyst\u0105pienia z \u017c\u0105daniem. Je\u017celi zapewnienie dost\u0119pno\u015bci cyfrowej nie jest mo\u017cliwe, podmiot publiczny mo\u017ce zaproponowa\u0107 alternatywny spos\u00f3b dost\u0119pu do informacji. W przypadku, gdy podmiot publiczny odm\u00f3wi realizacji \u017c\u0105dania zapewnienia dost\u0119pno\u015bci lub alternatywnego sposobu dost\u0119pu do informacji, wnosz\u0105cy \u017c\u0105danie mo\u017cne z\u0142o\u017cy\u0107 skarg\u0119 w sprawie zapewniana dost\u0119pno\u015bci cyfrowej strony internetowej, aplikacji mobilnej lub elementu strony internetowej, lub aplikacji mobilnej. Po wyczerpaniu wskazanej wy\u017cej procedury mo\u017cna tak\u017ce z\u0142o\u017cy\u0107 wniosek do Rzecznika Praw Obywatelskich:\u00a0<a style=\"color: #000000;\" href=\"http:\/\/www.rpo.gov.pl\/\">www.rpo.gov.pl<\/a><\/span><\/p>\n<p><span style=\"color: #000000;\"><strong>\u00a0<\/strong><\/span><\/p>\n<p><span style=\"color: #000000;\"><strong>DOST\u0118PNO\u015a\u0106 ARCHITEKTONICZNA<\/strong><\/span><\/p>\n<p><span style=\"color: #000000;\">Adres:<\/span><\/p>\n<p><span style=\"color: #000000;\">Szko\u0142a Podstawowa w \u0141asinie przy ul. M. Curie-Sk\u0142odowskiej 14, 86-320 \u0141asin<\/span><\/p>\n<p>&nbsp;<\/p>\n<ol>\n<li><span style=\"color: #000000;\">Wej\u015bcie na teren szko\u0142y nie jest ogrodzone i zabezpieczone bramkami.<\/span><\/li>\n<li><span style=\"color: #000000;\">Przed budynkiem nie wyznaczono miejsc parkingowych dla os\u00f3b niepe\u0142nosprawnych.<\/span><\/li>\n<li><span style=\"color: #000000;\">Budynek jest dwupi\u0119trowy. Posiada wind\u0119 z platform\u0105 transportuj\u0105c\u0105 do poziomu parteru.<\/span><\/li>\n<li><span style=\"color: #000000;\">Do budynku \u00a0prowadz\u0105 4 wej\u015bcia \u2013 1 g\u0142\u00f3wne i 3 ewakuacyjne.<\/span><\/li>\n<li><span style=\"color: #000000;\">Do ka\u017cdego wej\u015bcia prowadz\u0105 schody.<\/span><\/li>\n<li><span style=\"color: #000000;\">Nad wej\u015bciem nie ma g\u0142o\u015bnik\u00f3w systemu naprowadzaj\u0105cego d\u017awi\u0119kowo osoby niewidome i s\u0142abowidz\u0105ce.<\/span><\/li>\n<li><span style=\"color: #000000;\">Dla os\u00f3b na w\u00f3zkach dost\u0119pne s\u0105 korytarze i pomieszczenia.<\/span><\/li>\n<li><span style=\"color: #000000;\">W budynku jest toaleta dostosowana\u00a0 dla os\u00f3b niepe\u0142nosprawnych (parter).<\/span><\/li>\n<li><span style=\"color: #000000;\">Do budynku i wszystkich jego pomieszcze\u0144 mo\u017cna wej\u015b\u0107 z psem asystuj\u0105cym i psem przewodnikiem.<\/span><\/li>\n<li><span style=\"color: #000000;\">W budynku nie ma oznacze\u0144 w alfabecie brajla ani oznacze\u0144 kontrastowych lub w druku powi\u0119kszonym dla os\u00f3b niewidomych i s\u0142abowidz\u0105cych.<\/span><\/li>\n<li><span style=\"color: #000000;\">Osoby z trudno\u015bciami w poruszaniu si\u0119 mog\u0105 liczy\u0107 na kontakt z pracownikiem szko\u0142y, po zawiadomieniu o takiej potrzebie.<\/span><\/li>\n<\/ol>\n<p>&nbsp;<\/p>\n","protected":false},"excerpt":{"rendered":"<p>DEKLARACJA DOST\u0118PNO\u015aCI SZKO\u0141Y PODSTAWOWEJ W \u0141ASINIE WST\u0118P Szko\u0142a Podstawowa w \u0141asinie\u00a0zobowi\u0105zuje si\u0119 zapewni\u0107 dost\u0119pno\u015b\u0107 swojej strony internetowej zgodnie z przepisami ustawy z dnia 4 kwietnia 2019 r. o dost\u0119pno\u015bci cyfrowej stron internetowych i aplikacji mobilnych podmiot\u00f3w publicznych. O\u015bwiadczenie w sprawie dost\u0119pno\u015bci ma zastosowanie do strony internetowej\u00a0Szko\u0142y Podstawowej w \u0141asinie http:\/\/zsp-lasin.pl\/&hellip;<\/p>\n","protected":false},"author":1,"featured_media":0,"parent":0,"menu_order":0,"comment_status":"closed","ping_status":"closed","template":"","meta":[],"_links":{"self":[{"href":"http:\/\/zsp-lasin.pl\/index.php?rest_route=\/wp\/v2\/pages\/11466"}],"collection":[{"href":"http:\/\/zsp-lasin.pl\/index.php?rest_route=\/wp\/v2\/pages"}],"about":[{"href":"http:\/\/zsp-lasin.pl\/index.php?rest_route=\/wp\/v2\/types\/page"}],"author":[{"embeddable":true,"href":"http:\/\/zsp-lasin.pl\/index.php?rest_route=\/wp\/v2\/users\/1"}],"replies":[{"embeddable":true,"href":"http:\/\/zsp-lasin.pl\/index.php?rest_route=%2Fwp%2Fv2%2Fcomments&post=11466"}],"version-history":[{"count":3,"href":"http:\/\/zsp-lasin.pl\/index.php?rest_route=\/wp\/v2\/pages\/11466\/revisions"}],"predecessor-version":[{"id":31770,"href":"http:\/\/zsp-lasin.pl\/index.php?rest_route=\/wp\/v2\/pages\/11466\/revisions\/31770"}],"wp:attachment":[{"href":"http:\/\/zsp-lasin.pl\/index.php?rest_route=%2Fwp%2Fv2%2Fmedia&parent=11466"}],"curies":[{"name":"wp","href":"https:\/\/api.w.org\/{rel}","templated":true}]}}