{"id":5871,"date":"2019-09-28T19:33:15","date_gmt":"2019-09-28T19:33:15","guid":{"rendered":"http:\/\/zsp-lasin.pl\/?page_id=5871"},"modified":"2021-10-07T18:50:38","modified_gmt":"2021-10-07T18:50:38","slug":"maly-samorzadzik-rok-szkolny-2017-2018","status":"publish","type":"page","link":"http:\/\/zsp-lasin.pl\/?page_id=5871","title":{"rendered":"Ma\u0142y samorz\u0105dzik rok szkolny 2017\/2018"},"content":{"rendered":"<p><center><\/center><center><\/center><center><\/center><center><\/center><center><a href=\"http:\/\/zsp-lasin.pl\/edukacja_wczesnoszkolna\/wp-content\/uploads\/2015\/02\/samorzodzik.jpg\"><img fetchpriority=\"high\" class=\" wp-image-1715 aligncenter\" src=\"http:\/\/zsp-lasin.pl\/edukacja_wczesnoszkolna\/wp-content\/uploads\/2015\/02\/samorzodzik-300x212.jpg\" alt=\"samorzodzik\" width=\"576\" height=\"407\" srcset=\"http:\/\/zsp-lasin.pl\/wp-content\/uploads\/2015\/02\/samorzodzik-300x212.jpg 300w, http:\/\/zsp-lasin.pl\/wp-content\/uploads\/2015\/02\/samorzodzik.jpg 852w\" sizes=\"(max-width: 576px) 100vw, 576px\" \/><\/a><\/center><center><\/center><center><\/center><center><\/center><center><span style=\"color: #000000;\"><strong><span style=\"font-size: 14pt;\">\u00a0<\/span><\/strong><\/span><\/center><center><\/center><center><\/center><center><span style=\"color: #000000;\"><strong><span style=\"font-size: 12pt;\">Dzia\u0142alno\u015b\u0107<\/span><\/strong><\/span><\/center><\/p>\n<p style=\"text-align: center;\"><a href=\"http:\/\/zsp-lasin.pl\/edukacja_wczesnoszkolna\/wp-content\/uploads\/2018\/05\/Drogie Dzieci.pdf\" target=\"_blank\" rel=\"noopener\"><strong>\u017byczenia z okazji Dnia Dziecka<\/strong><\/a><a href=\"http:\/\/zsp-lasin.pl\/edukacja_wczesnoszkolna\/wp-content\/uploads\/2018\/05\/d_dz.jpg\"><img class=\"size-medium wp-image-1934 aligncenter\" src=\"http:\/\/zsp-lasin.pl\/edukacja_wczesnoszkolna\/wp-content\/uploads\/2018\/05\/d_dz-300x123.jpg\" alt=\"\" width=\"300\" height=\"123\" srcset=\"http:\/\/zsp-lasin.pl\/wp-content\/uploads\/2018\/05\/d_dz-300x123.jpg 300w, http:\/\/zsp-lasin.pl\/wp-content\/uploads\/2018\/05\/d_dz-768x314.jpg 768w, http:\/\/zsp-lasin.pl\/wp-content\/uploads\/2018\/05\/d_dz.jpg 800w\" sizes=\"(max-width: 300px) 100vw, 300px\" \/><\/a><\/p>\n<p style=\"text-align: center;\"><a href=\"http:\/\/zsp-lasin.pl\/edukacja_wczesnoszkolna\/wp-content\/uploads\/2018\/03\/p_dz_w.pdf\" target=\"_blank\" rel=\"noopener\"><strong>Pierwszy dzie\u0144 wiosny<\/strong><\/a><\/p>\n<p style=\"text-align: center;\"><a href=\"http:\/\/zsp-lasin.pl\/edukacja_wczesnoszkolna\/wp-content\/uploads\/2018\/03\/p_dz_w.png\"><img class=\" size-medium wp-image-1887 aligncenter\" src=\"http:\/\/zsp-lasin.pl\/edukacja_wczesnoszkolna\/wp-content\/uploads\/2018\/03\/p_dz_w-300x193.png\" alt=\"p_dz_w\" width=\"300\" height=\"193\" srcset=\"http:\/\/zsp-lasin.pl\/wp-content\/uploads\/2018\/03\/p_dz_w-300x193.png 300w, http:\/\/zsp-lasin.pl\/wp-content\/uploads\/2018\/03\/p_dz_w.png 500w\" sizes=\"(max-width: 300px) 100vw, 300px\" \/><\/a><\/p>\n<p style=\"text-align: center;\"><strong><a href=\"http:\/\/zsp-lasin.pl\/edukacja_wczesnoszkolna\/wp-content\/uploads\/2018\/03\/Dzien Kobiet w naszej szkole.pdf\">8 marca &#8211; Dzie\u0144 Sp\u00f3dniczki<\/a><\/strong><\/p>\n<p style=\"text-align: center;\"><a href=\"http:\/\/zsp-lasin.pl\/edukacja_wczesnoszkolna\/wp-content\/uploads\/2017\/12\/dzien-spodniczki.png\"><img loading=\"lazy\" class=\"aligncenter wp-image-1839 size-medium\" src=\"http:\/\/zsp-lasin.pl\/edukacja_wczesnoszkolna\/wp-content\/uploads\/2017\/12\/dzien-spodniczki-300x195.png\" alt=\"dzien spodniczki\" width=\"300\" height=\"195\" srcset=\"http:\/\/zsp-lasin.pl\/wp-content\/uploads\/2017\/12\/dzien-spodniczki-300x195.png 300w, http:\/\/zsp-lasin.pl\/wp-content\/uploads\/2017\/12\/dzien-spodniczki.png 1024w\" sizes=\"(max-width: 300px) 100vw, 300px\" \/><\/a><\/p>\n<p style=\"text-align: center;\"><strong><a href=\"http:\/\/zsp-lasin.pl\/edukacja_wczesnoszkolna\/wp-content\/uploads\/2018\/03\/A ja mam piegi.pdf\"> 1 marca &#8211; Dzie\u0144 Pieg\u00f3w<\/a><\/strong><\/p>\n<p><a href=\"http:\/\/zsp-lasin.pl\/edukacja_wczesnoszkolna\/wp-content\/uploads\/2018\/03\/dzien-pieg.png\"><img loading=\"lazy\" class=\" size-medium wp-image-1841 aligncenter\" src=\"http:\/\/zsp-lasin.pl\/edukacja_wczesnoszkolna\/wp-content\/uploads\/2018\/03\/dzien-pieg-300x165.png\" alt=\"dzien pieg\" width=\"300\" height=\"165\" srcset=\"http:\/\/zsp-lasin.pl\/wp-content\/uploads\/2018\/03\/dzien-pieg-300x165.png 300w, http:\/\/zsp-lasin.pl\/wp-content\/uploads\/2018\/03\/dzien-pieg.png 1019w\" sizes=\"(max-width: 300px) 100vw, 300px\" \/><\/a><\/p>\n<p style=\"text-align: center;\"><strong><a href=\"http:\/\/zsp-lasin.pl\/edukacja_wczesnoszkolna\/wp-content\/uploads\/2018\/03\/Bal karnawalowy.pdf\">Bal Karnawa\u0142owy<\/a><\/strong><\/p>\n<p><a href=\"http:\/\/zsp-lasin.pl\/edukacja_wczesnoszkolna\/wp-content\/uploads\/2017\/12\/bal.png\"><img loading=\"lazy\" class=\" size-medium wp-image-1836 aligncenter\" src=\"http:\/\/zsp-lasin.pl\/edukacja_wczesnoszkolna\/wp-content\/uploads\/2017\/12\/bal-225x300.png\" alt=\"bal\" width=\"225\" height=\"300\" srcset=\"http:\/\/zsp-lasin.pl\/wp-content\/uploads\/2017\/12\/bal-225x300.png 225w, http:\/\/zsp-lasin.pl\/wp-content\/uploads\/2017\/12\/bal.png 456w\" sizes=\"(max-width: 225px) 100vw, 225px\" \/><\/a><\/p>\n<p>&nbsp;<\/p>\n<p style=\"text-align: center;\"><strong><a href=\"http:\/\/zsp-lasin.pl\/edukacja_wczesnoszkolna\/wp-content\/uploads\/2017\/11\/mikolajki samorzadzik.pdf\">Miko\u0142ajki<\/a><\/strong><br \/>\n<img src=\"http:\/\/zsp-lasin.pl\/edukacja_wczesnoszkolna\/wp-content\/uploads\/2017\/12\/mikolajki.jpg\" alt=\"\" \/><\/p>\n<p style=\"text-align: center;\"><strong><a href=\"http:\/\/zsp-lasin.pl\/edukacja_wczesnoszkolna\/wp-content\/uploads\/2017\/11\/szkolny dzien zyczliwosci.pdf\">Szkolny Dzie\u0144 \u017byczliwo\u015bci i Pozdrowie\u0144<\/a><\/strong><br \/>\n<img src=\"http:\/\/zsp-lasin.pl\/edukacja_wczesnoszkolna\/wp-content\/uploads\/2017\/12\/dz_zycz.jpg\" alt=\"\" \/><\/p>\n<p style=\"text-align: center;\"><strong><a href=\"http:\/\/zsp-lasin.pl\/edukacja_wczesnoszkolna\/wp-content\/uploads\/2017\/11\/Powrot do szkoly samorzadzik.pdf\"> Powr\u00f3t do szko\u0142y<\/a><\/strong><br \/>\n<img src=\"http:\/\/zsp-lasin.pl\/edukacja_wczesnoszkolna\/wp-content\/uploads\/2017\/12\/p_sam.jpg\" alt=\"\" \/><\/p>\n","protected":false},"excerpt":{"rendered":"<p>\u00a0Dzia\u0142alno\u015b\u0107 \u017byczenia z okazji Dnia Dziecka Pierwszy dzie\u0144 wiosny 8 marca &#8211; Dzie\u0144 Sp\u00f3dniczki 1 marca &#8211; Dzie\u0144 Pieg\u00f3w Bal Karnawa\u0142owy &nbsp; Miko\u0142ajki Szkolny Dzie\u0144 \u017byczliwo\u015bci i Pozdrowie\u0144 Powr\u00f3t do szko\u0142y<\/p>\n","protected":false},"author":1,"featured_media":0,"parent":0,"menu_order":0,"comment_status":"closed","ping_status":"closed","template":"","meta":[],"_links":{"self":[{"href":"http:\/\/zsp-lasin.pl\/index.php?rest_route=\/wp\/v2\/pages\/5871"}],"collection":[{"href":"http:\/\/zsp-lasin.pl\/index.php?rest_route=\/wp\/v2\/pages"}],"about":[{"href":"http:\/\/zsp-lasin.pl\/index.php?rest_route=\/wp\/v2\/types\/page"}],"author":[{"embeddable":true,"href":"http:\/\/zsp-lasin.pl\/index.php?rest_route=\/wp\/v2\/users\/1"}],"replies":[{"embeddable":true,"href":"http:\/\/zsp-lasin.pl\/index.php?rest_route=%2Fwp%2Fv2%2Fcomments&post=5871"}],"version-history":[{"count":3,"href":"http:\/\/zsp-lasin.pl\/index.php?rest_route=\/wp\/v2\/pages\/5871\/revisions"}],"predecessor-version":[{"id":11263,"href":"http:\/\/zsp-lasin.pl\/index.php?rest_route=\/wp\/v2\/pages\/5871\/revisions\/11263"}],"wp:attachment":[{"href":"http:\/\/zsp-lasin.pl\/index.php?rest_route=%2Fwp%2Fv2%2Fmedia&parent=5871"}],"curies":[{"name":"wp","href":"https:\/\/api.w.org\/{rel}","templated":true}]}}